{"id":11402,"date":"2023-09-01T10:33:57","date_gmt":"2023-09-01T10:33:57","guid":{"rendered":"https:\/\/institutorobotica.org\/?page_id=11402"},"modified":"2024-03-26T09:25:49","modified_gmt":"2024-03-26T09:25:49","slug":"talenttrainer","status":"publish","type":"page","link":"https:\/\/institutorobotica.org\/ca\/projectes\/talenttrainer\/","title":{"rendered":"Talent Trainer"},"content":{"rendered":"<p>[et_pb_section fb_built=&#8221;1&#8243; disabled_on=&#8221;off|off|off&#8221; admin_label=&#8221;Secci\u00f3n&#8221; _builder_version=&#8221;4.20.2&#8243; use_background_color_gradient=&#8221;on&#8221; background_color_gradient_stops=&#8221;rgba(20,61,88,0.65) 0%|#d6dcdf 100%&#8221; background_color_gradient_overlays_image=&#8221;on&#8221; background_color_gradient_start=&#8221;rgba(20,61,88,0.65)&#8221; background_color_gradient_end=&#8221;#d6dcdf&#8221; background_image=&#8221;https:\/\/institutorobotica.org\/wp-content\/uploads\/2023\/08\/talent_trainer.png&#8221; custom_margin=&#8221;|||&#8221; custom_padding=&#8221;6vw|0px|6vw|0px&#8221; bottom_divider_style=&#8221;mountains2&#8243; bottom_divider_color=&#8221;rgba(5,41,66,0.3)&#8221; bottom_divider_height=&#8221;20vw&#8221; animation_style=&#8221;slide&#8221; animation_direction=&#8221;top&#8221; animation_intensity_slide=&#8221;3%&#8221; animation_starting_opacity=&#8221;100%&#8221; global_colors_info=&#8221;{}&#8221;][et_pb_row disabled_on=&#8221;off|off|off&#8221; module_class=&#8221; et_pb_row_fullwidth&#8221; _builder_version=&#8221;4.16&#8243; width=&#8221;89%&#8221; width_tablet=&#8221;80%&#8221; width_phone=&#8221;&#8221; width_last_edited=&#8221;on|desktop&#8221; max_width=&#8221;89%&#8221; max_width_tablet=&#8221;80%&#8221; max_width_phone=&#8221;&#8221; max_width_last_edited=&#8221;on|desktop&#8221; custom_padding=&#8221;|||&#8221; make_fullwidth=&#8221;on&#8221; global_colors_info=&#8221;{}&#8221;][et_pb_column type=&#8221;4_4&#8243; _builder_version=&#8221;4.16&#8243; custom_padding=&#8221;|||&#8221; global_colors_info=&#8221;{}&#8221; custom_padding__hover=&#8221;|||&#8221;][et_pb_text disabled_on=&#8221;off|off|off&#8221; _builder_version=&#8221;4.16&#8243; text_font=&#8221;Montserrat||||||||&#8221; text_font_size=&#8221;22px&#8221; text_line_height=&#8221;1.8em&#8221; header_font=&#8221;Montserrat|600||on|||||&#8221; header_text_align=&#8221;center&#8221; header_font_size=&#8221;8vw&#8221; header_line_height=&#8221;1.5em&#8221; text_orientation=&#8221;center&#8221; background_layout=&#8221;dark&#8221; custom_margin=&#8221;|||&#8221; header_font_size_tablet=&#8221;50px&#8221; header_font_size_phone=&#8221;&#8221; header_font_size_last_edited=&#8221;on|desktop&#8221; header_line_height_tablet=&#8221;1.1em&#8221; header_line_height_phone=&#8221;1.2em&#8221; header_line_height_last_edited=&#8221;off|desktop&#8221; global_colors_info=&#8221;{}&#8221;]<\/p>\n<h1>Talent trainer<\/h1>\n<div class=\"et_pb_fullwidth_header_container left\">\n<div class=\"header-content-container center\">\n<div class=\"header-content\">\n<div class=\"et_pb_fullwidth_header_container left\">\n<div class=\"header-content-container center\">\n<div class=\"header-content\">\n<div class=\"et_pb_row et_pb_row_0 et_pb_row_fullwidth\"><span>Assistent virtual com a suport personal per a promoure habilitats i compet\u00e8ncies per a una vida independent mitjan\u00e7ant formaci\u00f3.<\/span><\/div>\n<\/div>\n<\/div>\n<\/div>\n<\/div>\n<\/div>\n<\/div>\n<p>[\/et_pb_text][\/et_pb_column][\/et_pb_row][\/et_pb_section][et_pb_section fb_built=&#8221;1&#8243; _builder_version=&#8221;4.16&#8243; _module_preset=&#8221;default&#8221; global_colors_info=&#8221;{}&#8221;][et_pb_row column_structure=&#8221;1_2,1_2&#8243; _builder_version=&#8221;4.16&#8243; _module_preset=&#8221;default&#8221; global_colors_info=&#8221;{}&#8221;][et_pb_column type=&#8221;1_2&#8243; _builder_version=&#8221;4.16&#8243; _module_preset=&#8221;default&#8221; global_colors_info=&#8221;{}&#8221;][et_pb_text _builder_version=&#8221;4.16&#8243; text_font=&#8221;Montserrat||||||||&#8221; text_font_size=&#8221;20px&#8221; text_line_height=&#8221;1.5em&#8221; header_font=&#8221;||||||||&#8221; header_2_font=&#8221;Montserrat||||||||&#8221; header_2_text_align=&#8221;center&#8221; header_2_font_size=&#8221;40px&#8221; header_2_line_height=&#8221;1.5em&#8221; header_3_font=&#8221;Montserrat|600|||||||&#8221; header_4_font=&#8221;Montserrat||||||||&#8221; text_orientation=&#8221;center&#8221; custom_margin=&#8221;|62px||62px|false|true&#8221; custom_padding=&#8221;|0px||||&#8221; animation_direction=&#8221;left&#8221; text_font_size_tablet=&#8221;16px&#8221; text_font_size_phone=&#8221;16px&#8221; text_font_size_last_edited=&#8221;on|desktop&#8221; global_colors_info=&#8221;{}&#8221;]<\/p>\n<p>&nbsp;<\/p>\n<p style=\"text-align: justify;\"><span>El projecte\u00a0<\/span><strong>Talent\u00a0Trainer<\/strong><span> consisteix en el desenvolupament d&#8217;un assistent virtual centrat en la persona per a ajudar-la adquirir mitjan\u00e7ant l&#8217;entrenament i formaci\u00f3, habilitats i compet\u00e8ncies transversals a partir de les seves necessitats particulars. <\/span><strong>Talent\u00a0Trainer<\/strong><span>\u00a0ajuda a fer un pas m\u00e9s a l&#8217;apoderament de les persones amb necessitat de suport i vida de manera independent.<\/span><\/p>\n<p>[\/et_pb_text][\/et_pb_column][et_pb_column type=&#8221;1_2&#8243; _builder_version=&#8221;4.16&#8243; _module_preset=&#8221;default&#8221; global_colors_info=&#8221;{}&#8221;][et_pb_image src=&#8221;https:\/\/institutorobotica.org\/wp-content\/uploads\/2023\/08\/talent_trainer.png&#8221; alt=&#8221;S3i &#8211; Proyectos &#8211; Instituto de Rob\u00f3tica para la Dependencia&#8221; title_text=&#8221;talent_trainer&#8221; align=&#8221;center&#8221; admin_label=&#8221;Imagen&#8221; _builder_version=&#8221;4.20.2&#8243; _module_preset=&#8221;default&#8221; transform_scale=&#8221;75%|75%&#8221; custom_margin=&#8221;||||false|false&#8221; border_radii=&#8221;on|15px|15px|15px|15px&#8221; global_colors_info=&#8221;{}&#8221;][\/et_pb_image][\/et_pb_column][\/et_pb_row][\/et_pb_section][et_pb_section fb_built=&#8221;1&#8243; _builder_version=&#8221;4.20.2&#8243; _module_preset=&#8221;default&#8221; background_color=&#8221;#f2f6f9&#8243; min_height=&#8221;100px&#8221; custom_margin=&#8221;-40px||||false|false&#8221; global_colors_info=&#8221;{}&#8221;][et_pb_row _builder_version=&#8221;4.16&#8243; custom_margin=&#8221;-65px||||false|false&#8221; custom_padding=&#8221;|||&#8221; global_colors_info=&#8221;{}&#8221;][et_pb_column type=&#8221;4_4&#8243; _builder_version=&#8221;4.16&#8243; custom_padding=&#8221;|||&#8221; global_colors_info=&#8221;{}&#8221; custom_padding__hover=&#8221;|||&#8221;][et_pb_text _builder_version=&#8221;4.20.2&#8243; text_font=&#8221;Montserrat||||||||&#8221; text_font_size=&#8221;18px&#8221; text_line_height=&#8221;1.5em&#8221; header_font=&#8221;||||||||&#8221; header_2_font=&#8221;Montserrat||||||||&#8221; header_2_text_align=&#8221;center&#8221; header_2_font_size=&#8221;40px&#8221; header_2_line_height=&#8221;1.5em&#8221; header_3_font=&#8221;Montserrat|600|||||||&#8221; header_4_font=&#8221;Montserrat||||||||&#8221; text_orientation=&#8221;center&#8221; custom_margin=&#8221;30px|70px||70px|false|false&#8221; custom_padding=&#8221;|||&#8221; hover_enabled=&#8221;0&#8243; text_font_size_tablet=&#8221;16px&#8221; text_font_size_phone=&#8221;16px&#8221; text_font_size_last_edited=&#8221;on|desktop&#8221; global_colors_info=&#8221;{}&#8221; sticky_enabled=&#8221;0&#8243;]<\/p>\n<p>Aquest projecte ha estat possible gr\u00e0cies a la participaci\u00f3 i el finan\u00e7ament del <strong>Consell Comarcal del Garraf<\/strong>, que ha facilitat la realitzaci\u00f3 del projecte i la subvenci\u00f3 concedida pel <strong>Ministeri de Drets Socials, Consum i Agenda 2030<\/strong> amb c\u00e0rrec a l&#8217;assignaci\u00f3 tribut\u00e0ria de l&#8217;Impost sobre la Renda de les persones f\u00edsiques i de l&#8217;impost sobre societats<\/p>\n<p>[\/et_pb_text][\/et_pb_column][\/et_pb_row][et_pb_row _builder_version=&#8221;4.16&#8243; custom_margin=&#8221;-65px||||false|false&#8221; custom_padding=&#8221;|||&#8221; global_colors_info=&#8221;{}&#8221; column_structure=&#8221;1_2,1_2&#8243;][et_pb_column type=&#8221;1_2&#8243; _builder_version=&#8221;4.16&#8243; custom_padding=&#8221;|||&#8221; global_colors_info=&#8221;{}&#8221; custom_padding__hover=&#8221;|||&#8221;][et_pb_image _builder_version=&#8221;4.20.2&#8243; _module_preset=&#8221;default&#8221; title_text=&#8221;1&#8243; src=&#8221;https:\/\/institutorobotica.org\/wp-content\/uploads\/2024\/03\/1.png&#8221; hover_enabled=&#8221;0&#8243; sticky_enabled=&#8221;0&#8243;][\/et_pb_image][\/et_pb_column][et_pb_column type=&#8221;1_2&#8243; _builder_version=&#8221;4.16&#8243; custom_padding=&#8221;|||&#8221; global_colors_info=&#8221;{}&#8221; custom_padding__hover=&#8221;|||&#8221;][et_pb_image _builder_version=&#8221;4.20.2&#8243; _module_preset=&#8221;default&#8221; title_text=&#8221;2&#8243; src=&#8221;https:\/\/institutorobotica.org\/wp-content\/uploads\/2024\/03\/2.png&#8221; hover_enabled=&#8221;0&#8243; sticky_enabled=&#8221;0&#8243;][\/et_pb_image][\/et_pb_column][\/et_pb_row][\/et_pb_section][et_pb_section fb_built=&#8221;1&#8243; _builder_version=&#8221;4.20.2&#8243; _module_preset=&#8221;default&#8221; background_color=&#8221;#FFFFFF&#8221; custom_margin=&#8221;-40px||||false|false&#8221; global_colors_info=&#8221;{}&#8221;][et_pb_row _builder_version=&#8221;4.16&#8243; _module_preset=&#8221;default&#8221; custom_margin=&#8221;-30px||||false|false&#8221; global_colors_info=&#8221;{}&#8221;][et_pb_column type=&#8221;4_4&#8243; _builder_version=&#8221;4.16&#8243; _module_preset=&#8221;default&#8221; global_colors_info=&#8221;{}&#8221;][et_pb_text _builder_version=&#8221;4.16&#8243; text_font=&#8221;Montserrat|700|||||||&#8221; text_font_size=&#8221;18px&#8221; text_line_height=&#8221;1.8em&#8221; header_font=&#8221;||||||||&#8221; header_2_font=&#8221;Montserrat||||||||&#8221; header_2_text_align=&#8221;center&#8221; header_2_font_size=&#8221;40px&#8221; header_2_line_height=&#8221;1.5em&#8221; text_orientation=&#8221;center&#8221; custom_margin=&#8221;||||false|false&#8221; custom_padding=&#8221;|||&#8221; text_font_size_tablet=&#8221;16px&#8221; text_font_size_phone=&#8221;16px&#8221; text_font_size_last_edited=&#8221;on|desktop&#8221; global_colors_info=&#8221;{}&#8221;]<\/p>\n<p>DADES GENERALS<\/p>\n<p>[\/et_pb_text][\/et_pb_column][\/et_pb_row][et_pb_row column_structure=&#8221;1_3,1_3,1_3&#8243; _builder_version=&#8221;4.16&#8243; _module_preset=&#8221;default&#8221; background_color=&#8221;#d6dcdf&#8221; border_radii=&#8221;on|15px|15px|15px|15px&#8221; global_colors_info=&#8221;{}&#8221;][et_pb_column type=&#8221;1_3&#8243; _builder_version=&#8221;4.16&#8243; _module_preset=&#8221;default&#8221; global_colors_info=&#8221;{}&#8221;][et_pb_text _builder_version=&#8221;4.16&#8243; text_font=&#8221;Montserrat|600|||||||&#8221; text_font_size=&#8221;18px&#8221; text_line_height=&#8221;1.8em&#8221; header_font=&#8221;||||||||&#8221; header_2_font=&#8221;Montserrat||||||||&#8221; header_2_text_align=&#8221;center&#8221; header_2_font_size=&#8221;40px&#8221; header_2_line_height=&#8221;1.5em&#8221; text_orientation=&#8221;center&#8221; custom_margin=&#8221;10px||||false|false&#8221; custom_padding=&#8221;|||&#8221; text_font_size_tablet=&#8221;16px&#8221; text_font_size_phone=&#8221;16px&#8221; text_font_size_last_edited=&#8221;on|desktop&#8221; global_colors_info=&#8221;{}&#8221;]<\/p>\n<p>INICI DEL PROJECTE<\/p>\n<p>[\/et_pb_text][et_pb_text _builder_version=&#8221;4.20.2&#8243; text_font=&#8221;Montserrat||||||||&#8221; text_font_size=&#8221;18px&#8221; text_line_height=&#8221;1.8em&#8221; header_font=&#8221;||||||||&#8221; header_2_font=&#8221;Montserrat||||||||&#8221; header_2_text_align=&#8221;center&#8221; header_2_font_size=&#8221;40px&#8221; header_2_line_height=&#8221;1.5em&#8221; text_orientation=&#8221;center&#8221; custom_margin=&#8221;20px||||false|false&#8221; custom_padding=&#8221;|||&#8221; text_font_size_tablet=&#8221;16px&#8221; text_font_size_phone=&#8221;16px&#8221; text_font_size_last_edited=&#8221;on|desktop&#8221; global_colors_info=&#8221;{}&#8221;]<\/p>\n<p>1 de maig 2023<\/p>\n<p>[\/et_pb_text][\/et_pb_column][et_pb_column type=&#8221;1_3&#8243; _builder_version=&#8221;4.16&#8243; _module_preset=&#8221;default&#8221; global_colors_info=&#8221;{}&#8221;][et_pb_text _builder_version=&#8221;4.16&#8243; text_font=&#8221;Montserrat|600|||||||&#8221; text_font_size=&#8221;18px&#8221; text_line_height=&#8221;1.8em&#8221; header_font=&#8221;||||||||&#8221; header_2_font=&#8221;Montserrat||||||||&#8221; header_2_text_align=&#8221;center&#8221; header_2_font_size=&#8221;40px&#8221; header_2_line_height=&#8221;1.5em&#8221; text_orientation=&#8221;center&#8221; custom_margin=&#8221;10px||||false|false&#8221; custom_padding=&#8221;|||&#8221; text_font_size_tablet=&#8221;16px&#8221; text_font_size_phone=&#8221;16px&#8221; text_font_size_last_edited=&#8221;on|desktop&#8221; global_colors_info=&#8221;{}&#8221;]<\/p>\n<p>FINAL DEL PROJECTE<\/p>\n<p>[\/et_pb_text][et_pb_text _builder_version=&#8221;4.20.2&#8243; text_font=&#8221;Montserrat||||||||&#8221; text_font_size=&#8221;18px&#8221; text_line_height=&#8221;1.8em&#8221; header_font=&#8221;||||||||&#8221; header_2_font=&#8221;Montserrat||||||||&#8221; header_2_text_align=&#8221;center&#8221; header_2_font_size=&#8221;40px&#8221; header_2_line_height=&#8221;1.5em&#8221; text_orientation=&#8221;center&#8221; custom_margin=&#8221;20px||||false|false&#8221; custom_padding=&#8221;|||&#8221; text_font_size_tablet=&#8221;16px&#8221; text_font_size_phone=&#8221;16px&#8221; text_font_size_last_edited=&#8221;on|desktop&#8221; global_colors_info=&#8221;{}&#8221;]<\/p>\n<p>31 de mar\u00e7 de 2023<\/p>\n<p>[\/et_pb_text][\/et_pb_column][et_pb_column type=&#8221;1_3&#8243; _builder_version=&#8221;4.16&#8243; _module_preset=&#8221;default&#8221; global_colors_info=&#8221;{}&#8221;][et_pb_text _builder_version=&#8221;4.16&#8243; text_font=&#8221;Montserrat|600|||||||&#8221; text_font_size=&#8221;18px&#8221; text_line_height=&#8221;1.8em&#8221; header_font=&#8221;||||||||&#8221; header_2_font=&#8221;Montserrat||||||||&#8221; header_2_text_align=&#8221;center&#8221; header_2_font_size=&#8221;40px&#8221; header_2_line_height=&#8221;1.5em&#8221; text_orientation=&#8221;center&#8221; custom_margin=&#8221;10px||||false|false&#8221; custom_padding=&#8221;|||&#8221; text_font_size_tablet=&#8221;16px&#8221; text_font_size_phone=&#8221;16px&#8221; text_font_size_last_edited=&#8221;on|desktop&#8221; global_colors_info=&#8221;{}&#8221;]<\/p>\n<p>LOCALITZACI\u00d3<\/p>\n<p>[\/et_pb_text][et_pb_text _builder_version=&#8221;4.20.2&#8243; text_font=&#8221;Montserrat||||||||&#8221; text_font_size=&#8221;18px&#8221; text_line_height=&#8221;1.8em&#8221; header_font=&#8221;||||||||&#8221; header_2_font=&#8221;Montserrat||||||||&#8221; header_2_text_align=&#8221;center&#8221; header_2_font_size=&#8221;40px&#8221; header_2_line_height=&#8221;1.5em&#8221; text_orientation=&#8221;center&#8221; custom_margin=&#8221;20px||||false|false&#8221; custom_padding=&#8221;|||&#8221; text_font_size_tablet=&#8221;16px&#8221; text_font_size_phone=&#8221;16px&#8221; text_font_size_last_edited=&#8221;on|desktop&#8221; global_colors_info=&#8221;{}&#8221;]<\/p>\n<p>Comarca Garraf<\/p>\n<p>[\/et_pb_text][\/et_pb_column][\/et_pb_row][\/et_pb_section][et_pb_section fb_built=&#8221;1&#8243; _builder_version=&#8221;4.20.2&#8243; _module_preset=&#8221;default&#8221; box_shadow_style=&#8221;preset1&#8243; box_shadow_blur=&#8221;17px&#8221; box_shadow_spread=&#8221;-9px&#8221; global_colors_info=&#8221;{}&#8221;][et_pb_row column_structure=&#8221;1_2,1_2&#8243; _builder_version=&#8221;4.20.2&#8243; _module_preset=&#8221;default&#8221; global_colors_info=&#8221;{}&#8221;][et_pb_column type=&#8221;1_2&#8243; _builder_version=&#8221;4.20.2&#8243; _module_preset=&#8221;default&#8221; global_colors_info=&#8221;{}&#8221;][et_pb_text _builder_version=&#8221;4.20.2&#8243; _module_preset=&#8221;default&#8221; global_colors_info=&#8221;{}&#8221;]<\/p>\n<p style=\"text-align: center;\">Coordinador:<\/p>\n<p>[\/et_pb_text][et_pb_image src=&#8221;https:\/\/institutorobotica.org\/wp-content\/uploads\/2021\/11\/logo-vector-ird-450&#215;220-2.jpg&#8221; alt=&#8221;IRD &#8211; Instituto de Rob\u00f3tica para la Dependencia Logo cuadrado&#8221; title_text=&#8221;IRD &#8211; Instituto de Rob\u00f3tica para la Dependencia Logo cuadrado&#8221; align=&#8221;center&#8221; _builder_version=&#8221;4.20.2&#8243; _module_preset=&#8221;default&#8221; min_height=&#8221;125px&#8221; height=&#8221;125px&#8221; global_colors_info=&#8221;{}&#8221;][\/et_pb_image][\/et_pb_column][et_pb_column type=&#8221;1_2&#8243; _builder_version=&#8221;4.20.2&#8243; _module_preset=&#8221;default&#8221; global_colors_info=&#8221;{}&#8221;][et_pb_text _builder_version=&#8221;4.20.2&#8243; _module_preset=&#8221;default&#8221; global_colors_info=&#8221;{}&#8221;]<\/p>\n<p style=\"text-align: center;\">Col\u00b7labora:<\/p>\n<p>[\/et_pb_text][et_pb_image src=&#8221;https:\/\/institutorobotica.org\/wp-content\/uploads\/2023\/08\/logo_consell_comarcal_garraf_png.png&#8221; alt=&#8221;logo_consell_comarcal_garraf_png&#8221; title_text=&#8221;logo_consell_comarcal_garraf_png&#8221; align=&#8221;center&#8221; _builder_version=&#8221;4.20.2&#8243; _module_preset=&#8221;default&#8221; min_height=&#8221;110px&#8221; height=&#8221;114px&#8221; global_colors_info=&#8221;{}&#8221;][\/et_pb_image][\/et_pb_column][\/et_pb_row][\/et_pb_section][et_pb_section fb_built=&#8221;1&#8243; _builder_version=&#8221;4.16&#8243; _module_preset=&#8221;default&#8221; background_color=&#8221;#FFFFFF&#8221; global_colors_info=&#8221;{}&#8221;][et_pb_row column_structure=&#8221;1_2,1_2&#8243; _builder_version=&#8221;4.16&#8243; _module_preset=&#8221;default&#8221; global_colors_info=&#8221;{}&#8221;][et_pb_column type=&#8221;1_2&#8243; _builder_version=&#8221;4.16&#8243; _module_preset=&#8221;default&#8221; global_colors_info=&#8221;{}&#8221;][et_pb_image src=&#8221;https:\/\/institutorobotica.org\/wp-content\/uploads\/2023\/08\/talentrainer-dona2.jpg&#8221; alt=&#8221;talent trainer&#8221; title_text=&#8221;talentrainer-dona2&#8243; align=&#8221;center&#8221; admin_label=&#8221;Imagen&#8221; _builder_version=&#8221;4.20.2&#8243; _module_preset=&#8221;default&#8221; custom_margin=&#8221;103px||||false|false&#8221; border_radii=&#8221;on|15px|15px|15px|15px&#8221; global_colors_info=&#8221;{}&#8221;][\/et_pb_image][\/et_pb_column][et_pb_column type=&#8221;1_2&#8243; _builder_version=&#8221;4.16&#8243; _module_preset=&#8221;default&#8221; global_colors_info=&#8221;{}&#8221;][et_pb_text _builder_version=&#8221;4.16&#8243; text_font=&#8221;Montserrat||||||||&#8221; text_font_size=&#8221;40px&#8221; text_line_height=&#8221;1.5em&#8221; header_font=&#8221;||||||||&#8221; header_2_font=&#8221;Montserrat||||||||&#8221; header_2_text_align=&#8221;center&#8221; header_2_font_size=&#8221;40px&#8221; header_2_line_height=&#8221;1.5em&#8221; header_3_font=&#8221;Montserrat||||||||&#8221; header_3_text_color=&#8221;#ff4037&#8243; text_orientation=&#8221;center&#8221; custom_margin=&#8221;|||&#8221; custom_padding=&#8221;|||&#8221; animation_direction=&#8221;right&#8221; text_font_size_tablet=&#8221;16px&#8221; text_font_size_phone=&#8221;16px&#8221; text_font_size_last_edited=&#8221;on|desktop&#8221; global_colors_info=&#8221;{}&#8221;]<\/p>\n<p><b>Objectiu del projecte<\/b><\/p>\n<p>[\/et_pb_text][et_pb_text _builder_version=&#8221;4.16&#8243; text_font=&#8221;Montserrat||||||||&#8221; text_font_size=&#8221;18px&#8221; text_line_height=&#8221;1.8em&#8221; header_font=&#8221;||||||||&#8221; header_2_font=&#8221;Montserrat||||||||&#8221; header_2_text_align=&#8221;center&#8221; header_2_font_size=&#8221;40px&#8221; header_2_line_height=&#8221;1.5em&#8221; header_3_font=&#8221;Montserrat|600|||||||&#8221; text_orientation=&#8221;center&#8221; custom_margin=&#8221;|||&#8221; custom_padding=&#8221;|||&#8221; animation_direction=&#8221;right&#8221; text_font_size_tablet=&#8221;16px&#8221; text_font_size_phone=&#8221;16px&#8221; text_font_size_last_edited=&#8221;on|desktop&#8221; global_colors_info=&#8221;{}&#8221;]<\/p>\n<p style=\"text-align: justify;\">\u00a0<span>La plataforma genera un pla formatiu per a cada persona, identificant les seves necessitats a trav\u00e9s d&#8217;escales, entrevistes, q\u00fcestionaris i avaluacions. S&#8217;estableixen objectius d&#8217;aprenentatge una vegada identificades les necessitats. Es dissenya i s&#8217;implementa el pla d&#8217;acci\u00f3 amb les activitats d&#8217;aprenentatge, recursos necessaris i progr\u00e9s en el temps per a aconseguir-los.<\/span><\/p>\n<p style=\"text-align: justify;\"><span>Es\u00a0<\/span><span>evaluan<\/span><span>\u00a0els resultats de les accions formatives per part de la persona beneficiaria i per part dels professionals que ho han acompanyat en les formacions amb avaluacions continuades i avaluaci\u00f3 final.<\/span><\/p>\n<p style=\"text-align: justify;\"><span>Un assistent virtual s&#8217;encarrega de fer un seguiment de l&#8217;execuci\u00f3 del pla formatiu, interactuant amb la persona amb un llenguatge natural i adaptat de manera individual, fomentant l&#8217;\u00fas de les tecnologies.<\/span><\/p>\n<p>[\/et_pb_text][\/et_pb_column][\/et_pb_row][\/et_pb_section][et_pb_section fb_built=&#8221;1&#8243; _builder_version=&#8221;4.16&#8243; _module_preset=&#8221;default&#8221; background_color=&#8221;#ff4037&#8243; custom_margin=&#8221;||-20px||false|false&#8221; custom_padding=&#8221;||||false|false&#8221; locked=&#8221;off&#8221; global_colors_info=&#8221;{}&#8221;][et_pb_row _builder_version=&#8221;4.16&#8243; _module_preset=&#8221;default&#8221; global_colors_info=&#8221;{}&#8221;][et_pb_column type=&#8221;4_4&#8243; _builder_version=&#8221;4.16&#8243; _module_preset=&#8221;default&#8221; global_colors_info=&#8221;{}&#8221;][et_pb_text _builder_version=&#8221;4.16&#8243; _module_preset=&#8221;default&#8221; header_2_text_align=&#8221;center&#8221; header_2_text_color=&#8221;#FFFFFF&#8221; global_colors_info=&#8221;{}&#8221;]<\/p>\n<div class=\"et_pb_promo_description\">\n<h2 class=\"et_pb_module_header\">Vols con\u00e8ixer els projectes en qu\u00e8 hem treballat?<\/h2>\n<\/div>\n<p>[\/et_pb_text][et_pb_button button_url=&#8221;https:\/\/institutorobotica.org\/ca\/projectes\/&#8221; button_text=&#8221;M\u00e9s informaci\u00f3&#8221; button_alignment=&#8221;center&#8221; _builder_version=&#8221;4.16&#8243; _module_preset=&#8221;default&#8221; background_layout=&#8221;dark&#8221; global_colors_info=&#8221;{}&#8221;][\/et_pb_button][\/et_pb_column][\/et_pb_row][\/et_pb_section]<\/p>\n","protected":false},"excerpt":{"rendered":"<p>Talent trainer Assistent virtual com a suport personal per a promoure habilitats i compet\u00e8ncies per a una vida independent mitjan\u00e7ant formaci\u00f3. &nbsp; El projecte\u00a0Talent\u00a0Trainer consisteix en el desenvolupament d&#8217;un assistent virtual centrat en la persona per a ajudar-la adquirir mitjan\u00e7ant l&#8217;entrenament i formaci\u00f3, habilitats i compet\u00e8ncies transversals a partir de les seves necessitats particulars. Talent\u00a0Trainer\u00a0ajuda [&hellip;]<\/p>\n","protected":false},"author":1,"featured_media":11421,"parent":7592,"menu_order":0,"comment_status":"closed","ping_status":"closed","template":"","meta":{"_et_pb_use_builder":"on","_et_pb_old_content":"","_et_gb_content_width":"","footnotes":""},"class_list":["post-11402","page","type-page","status-publish","has-post-thumbnail","hentry"],"_links":{"self":[{"href":"https:\/\/institutorobotica.org\/ca\/wp-json\/wp\/v2\/pages\/11402","targetHints":{"allow":["GET"]}}],"collection":[{"href":"https:\/\/institutorobotica.org\/ca\/wp-json\/wp\/v2\/pages"}],"about":[{"href":"https:\/\/institutorobotica.org\/ca\/wp-json\/wp\/v2\/types\/page"}],"author":[{"embeddable":true,"href":"https:\/\/institutorobotica.org\/ca\/wp-json\/wp\/v2\/users\/1"}],"replies":[{"embeddable":true,"href":"https:\/\/institutorobotica.org\/ca\/wp-json\/wp\/v2\/comments?post=11402"}],"version-history":[{"count":7,"href":"https:\/\/institutorobotica.org\/ca\/wp-json\/wp\/v2\/pages\/11402\/revisions"}],"predecessor-version":[{"id":12352,"href":"https:\/\/institutorobotica.org\/ca\/wp-json\/wp\/v2\/pages\/11402\/revisions\/12352"}],"up":[{"embeddable":true,"href":"https:\/\/institutorobotica.org\/ca\/wp-json\/wp\/v2\/pages\/7592"}],"wp:featuredmedia":[{"embeddable":true,"href":"https:\/\/institutorobotica.org\/ca\/wp-json\/wp\/v2\/media\/11421"}],"wp:attachment":[{"href":"https:\/\/institutorobotica.org\/ca\/wp-json\/wp\/v2\/media?parent=11402"}],"curies":[{"name":"wp","href":"https:\/\/api.w.org\/{rel}","templated":true}]}}